{"id":198,"date":"2023-10-10T06:49:40","date_gmt":"2023-10-10T06:49:40","guid":{"rendered":"https:\/\/chateaudecalavon.com\/le-domaine\/"},"modified":"2026-08-27T06:20:35","modified_gmt":"2026-08-27T06:20:35","slug":"le-domaine","status":"publish","type":"page","link":"https:\/\/chateaudecalavon.com\/fr\/le-domaine\/","title":{"rendered":"Le domaine"},"content":{"rendered":"<div class=\"wpb-content-wrapper\"><p>[vc_section full_width=\u00a0\u00bbstretch_row\u00a0\u00bb el_class=\u00a0\u00bbblock-22 c1-bg\u00a0\u00bb][vc_row full_width=\u00a0\u00bbstretch_row\u00a0\u00bb content_placement=\u00a0\u00bbbottom\u00a0\u00bb css=\u00a0\u00bb.vc_custom_1787808206950{background-image: url(https:\/\/chateaudecalavon.com\/wp-content\/uploads\/sites\/6\/2026\/08\/cave-av-badonviller&#8211;scaled.jpg?id=1239) !important;}\u00a0\u00bb el_class=\u00a0\u00bbheading-row heading-row-bottom\u00a0\u00bb][vc_column][vc_column_text el_class=\u00a0\u00bbbreadcrumbs\u00a0\u00bb]<span><span><a href=\"https:\/\/chateaudecalavon.com\/fr\/\">Home<\/a><\/span><\/span>[\/vc_column_text][vc_column_text el_class=\u00a0\u00bbsection-title\u00a0\u00bb]<span class=\"f1\">LE DOMAINE<\/span>[\/vc_column_text][\/vc_column][\/vc_row][vc_row disable_element=\u00a0\u00bbyes\u00a0\u00bb el_class=\u00a0\u00bbscroll-row\u00a0\u00bb][vc_column][vc_column_text el_class=\u00a0\u00bbscroll-text\u00a0\u00bb]<\/p>\n<p style=\"text-align: center;\"><span class=\"f1\"><span class=\"f1 c3\">D\u00e9couvrez<\/span> <span class=\"f1 c4\">nos vins bio<\/span><\/span><\/p>\n<p>[\/vc_column_text][\/vc_column][\/vc_row][vc_row el_class=\u00a0\u00bbscroll-row\u00a0\u00bb][vc_column][vc_column_text css=\u00a0\u00bb\u00a0\u00bb]<\/p>\n<p style=\"text-align: center;\"><a class=\"f1\" style=\"text-decoration: none; font-size: 24px;\" href=\"https:\/\/familleaudibert.plugwine.com\/vins\" target=\"_blank\" rel=\"noopener\"><span class=\"f1 c3\">D\u00e9couvrez<\/span> <span class=\"f1 c4\">nos vins bio -&gt;<\/span><\/a><\/p>\n<p>[\/vc_column_text][\/vc_column][\/vc_row][\/vc_section][vc_section full_width=\u00a0\u00bbstretch_row\u00a0\u00bb el_class=\u00a0\u00bbblock-9-v2-small-img c1-bg\u00a0\u00bb][vc_row equal_height=\u00a0\u00bbyes\u00a0\u00bb content_placement=\u00a0\u00bbmiddle\u00a0\u00bb][vc_column width=\u00a0\u00bb1\/2&Prime; el_class=\u00a0\u00bbtext-col\u00a0\u00bb][vc_column_text el_class=\u00a0\u00bbtitle\u00a0\u00bb]<span class=\"f1 c3\">L\u2019histoire<\/span>[\/vc_column_text][vc_column_text css=\u00a0\u00bb\u00a0\u00bb el_class=\u00a0\u00bbtext\u00a0\u00bb]<span class=\"f2\">Depuis cinq g\u00e9n\u00e9rations, <a href=\"http:\/\/www.familleaudibert.com\">Famille Audibert<\/a> cultive les vignes du Ch\u00e2teau de Calavon avec la m\u00eame conviction : chaque g\u00e9n\u00e9ration a pour mission de pr\u00e9server, d&rsquo;enrichir puis de transmettre un patrimoine vivant.<\/span><\/p>\n<p><span class=\"f2\">Aujourd&rsquo;hui, le domaine s&rsquo;\u00e9tend sur pr\u00e8s de 80 hectares de vignes, entour\u00e9s de plus de 300 hectares de for\u00eats et de garrigue m\u00e9diterran\u00e9enne. Cet environnement naturel exceptionnel est prot\u00e9g\u00e9 au titre du programme Natura 2000, offrant un refuge \u00e0 une biodiversit\u00e9 remarquable, notamment \u00e0 l&rsquo;aigle de Bonelli, esp\u00e8ce menac\u00e9e. Ces paysages vivants fa\u00e7onnent l&rsquo;expression unique des vins et des huiles d&rsquo;olive du Ch\u00e2teau de Calavon.<\/span>[\/vc_column_text][\/vc_column][vc_column width=\u00a0\u00bb1\/2&Prime; el_class=\u00a0\u00bbimg-col\u00a0\u00bb][vc_single_image image=\u00a0\u00bb1249&Prime; img_size=\u00a0\u00bb377&#215;566&Prime; css=\u00a0\u00bb\u00a0\u00bb el_class=\u00a0\u00bbimg-1&Prime;][vc_single_image image=\u00a0\u00bb1247&Prime; img_size=\u00a0\u00bbfull\u00a0\u00bb css=\u00a0\u00bb\u00a0\u00bb el_class=\u00a0\u00bbimg-2&Prime;][\/vc_column][\/vc_row][\/vc_section][vc_section full_width=\u00a0\u00bbstretch_row\u00a0\u00bb el_class=\u00a0\u00bbblock-2-v2 c1-bg\u00a0\u00bb][vc_row][vc_column][vc_column_text el_class=\u00a0\u00bbtext\u00a0\u00bb]<\/p>\n<p style=\"text-align: center;\"><span class=\"f2 c4\">Au c\u0153ur de la Provence, le Ch\u00e2teau de Calavon est reconnu depuis plus d\u2019un si\u00e8cle pour son terroir exceptionnel, produisant des vins et des huiles d&rsquo;olive bio de caract\u00e8re.<\/span><\/p>\n<p>[\/vc_column_text][\/vc_column][\/vc_row][\/vc_section][vc_section full_width=\u00a0\u00bbstretch_row\u00a0\u00bb el_class=\u00a0\u00bbblock-1 v-1-text-right c1-bg\u00a0\u00bb][vc_row equal_height=\u00a0\u00bbyes\u00a0\u00bb][vc_column width=\u00a0\u00bb1\/2&Prime; el_class=\u00a0\u00bbmy-col-1&Prime;][vc_row_inner equal_height=\u00a0\u00bbyes\u00a0\u00bb][vc_column_inner el_class=\u00a0\u00bbmy-sub-col-1&Prime; width=\u00a0\u00bb1\/2&Prime;][vc_single_image image=\u00a0\u00bb1254&Prime; img_size=\u00a0\u00bbfull\u00a0\u00bb css=\u00a0\u00bb\u00a0\u00bb][\/vc_column_inner][vc_column_inner el_class=\u00a0\u00bbmy-sub-col-2&Prime; width=\u00a0\u00bb1\/2&Prime;][vc_single_image image=\u00a0\u00bb1256&Prime; img_size=\u00a0\u00bbfull\u00a0\u00bb css=\u00a0\u00bb\u00a0\u00bb][\/vc_column_inner][\/vc_row_inner][\/vc_column][vc_column width=\u00a0\u00bb1\/2&Prime; el_class=\u00a0\u00bbmy-col-2&Prime;][vc_column_text el_class=\u00a0\u00bbtitle\u00a0\u00bb]<span class=\"f1 c3\">le<\/span><br \/>\n<span class=\"f1 c4\">terroir<\/span>[\/vc_column_text][vc_column_text css=\u00a0\u00bb\u00a0\u00bb el_class=\u00a0\u00bbtext\u00a0\u00bb]<span class=\"f2\">Au c\u0153ur de la Provence, le Ch\u00e2teau de Calavon est cultiv\u00e9 en agriculture biologique depuis 2013. Entre les vignes historiques qui entourent le Ch\u00e2teau et les parcelles plus r\u00e9centes de La Cr\u00e9made, chaque terroir apporte sa personnalit\u00e9 \u00e0 des vins qui expriment fid\u00e8lement l&rsquo;identit\u00e9 du domaine.<\/span>[\/vc_column_text][\/vc_column][\/vc_row][\/vc_section][vc_section full_width=\u00a0\u00bbstretch_row\u00a0\u00bb el_class=\u00a0\u00bbblock-11 c1-bg\u00a0\u00bb][vc_row gap=\u00a0\u00bb20&Prime; equal_height=\u00a0\u00bbyes\u00a0\u00bb el_class=\u00a0\u00bbmy-row\u00a0\u00bb][vc_column width=\u00a0\u00bb1\/3&Prime; el_class=\u00a0\u00bbmy-col\u00a0\u00bb][vc_column_text el_class=\u00a0\u00bbtitle\u00a0\u00bb]<span class=\"f1 c4\">Le Ch\u00e2teau<\/span>[\/vc_column_text][vc_column_text css=\u00a0\u00bb\u00a0\u00bb el_class=\u00a0\u00bbtext\u00a0\u00bb]<span class=\"f2\">Autour du Ch\u00e2teau, le vignoble historique est cultiv\u00e9 depuis des g\u00e9n\u00e9rations sur des sols argilo-calcaires dominant la Provence. Ces vieilles vignes donnent naissance \u00e0 des vins \u00e9l\u00e9gants et complexes, fid\u00e8les \u00e0 l&rsquo;identit\u00e9 du Ch\u00e2teau de Calavon.<\/span>[\/vc_column_text][\/vc_column][vc_column width=\u00a0\u00bb1\/3&Prime; el_class=\u00a0\u00bbmy-col\u00a0\u00bb][vc_column_text el_class=\u00a0\u00bbtitle\u00a0\u00bb]<span class=\"f1 c4\">La Cr\u00e9made<\/span>[\/vc_column_text][vc_column_text css=\u00a0\u00bb\u00a0\u00bb el_class=\u00a0\u00bbtext\u00a0\u00bb]<span class=\"f2\">La Cr\u00e9made enrichit la mosa\u00efque des terroirs du Ch\u00e2teau de Calavon. Ses jeunes plantations comme ses remarquables vieilles vignes apportent la diversit\u00e9 n\u00e9cessaire \u00e0 l&rsquo;\u00e9laboration de vins \u00e9quilibr\u00e9s, expressifs et profond\u00e9ment ancr\u00e9s dans leur terroir.<\/span>[\/vc_column_text][\/vc_column][vc_column width=\u00a0\u00bb1\/3&Prime; el_class=\u00a0\u00bbmy-col\u00a0\u00bb][vc_column_text el_class=\u00a0\u00bbtitle\u00a0\u00bb]<span class=\"f1 c4\">L&rsquo;oliveraie <\/span>[\/vc_column_text][vc_column_text css=\u00a0\u00bb\u00a0\u00bb el_class=\u00a0\u00bbtext\u00a0\u00bb]<span class=\"f2\">Aux c\u00f4t\u00e9s des vignes, les oliveraies du Ch\u00e2teau de Calavon font pleinement partie de l&rsquo;histoire du domaine. Des oliviers centenaires aux plantations plus r\u00e9centes, elles donnent naissance \u00e0 des huiles d&rsquo;olive AOP Aix-en-Provence qui expriment le m\u00eame engagement envers l&rsquo;authenticit\u00e9, le savoir-faire et le respect de la terre.<\/span>[\/vc_column_text][\/vc_column][\/vc_row][\/vc_section][vc_section full_width=\u00a0\u00bbstretch_row\u00a0\u00bb el_class=\u00a0\u00bbblock-4-v2 c1-bg\u00a0\u00bb][vc_row equal_height=\u00a0\u00bbyes\u00a0\u00bb][vc_column width=\u00a0\u00bb1\/2&Prime; el_class=\u00a0\u00bbimg-col\u00a0\u00bb][vc_single_image image=\u00a0\u00bb1261&Prime; img_size=\u00a0\u00bbfull\u00a0\u00bb css=\u00a0\u00bb\u00a0\u00bb el_class=\u00a0\u00bbimg-b\u00a0\u00bb][vc_single_image image=\u00a0\u00bb1259&Prime; img_size=\u00a0\u00bbfull\u00a0\u00bb css=\u00a0\u00bb\u00a0\u00bb el_class=\u00a0\u00bbimg-a\u00a0\u00bb][vc_single_image image=\u00a0\u00bb1263&Prime; img_size=\u00a0\u00bbfull\u00a0\u00bb css=\u00a0\u00bb\u00a0\u00bb el_class=\u00a0\u00bbimg-c\u00a0\u00bb][\/vc_column][vc_column width=\u00a0\u00bb1\/2&Prime; el_class=\u00a0\u00bbtext-col\u00a0\u00bb][vc_column_text el_class=\u00a0\u00bbtitle\u00a0\u00bb]<span class=\"f1 c3\">Le<\/span><br \/>\n<span class=\"f1 c4\">vigneron<\/span>[\/vc_column_text][vc_column_text css=\u00a0\u00bb\u00a0\u00bb el_class=\u00a0\u00bbtext\u00a0\u00bb]<span class=\"f2\">Enfant du Pays d&rsquo;Aix, Arnold Mas partage l&rsquo;engagement de la Famille Audibert \u00e0 r\u00e9v\u00e9ler chaque terroir avec pr\u00e9cision et authenticit\u00e9. Alliant le respect de l&rsquo;h\u00e9ritage du domaine \u00e0 une approche contemporaine de la viticulture et de la vinification, il poursuit une ambition unique : \u00e9laborer des vins sinc\u00e8res, fid\u00e8les \u00e0 leur origine, tout en pr\u00e9parant le vignoble aux g\u00e9n\u00e9rations futures.<\/span>[\/vc_column_text][\/vc_column][\/vc_row][\/vc_section][vc_section full_width=\u00a0\u00bbstretch_row\u00a0\u00bb el_class=\u00a0\u00bbblock-1 v-2-text-left c1-bg\u00a0\u00bb][vc_row equal_height=\u00a0\u00bbyes\u00a0\u00bb][vc_column width=\u00a0\u00bb1\/2&Prime; el_class=\u00a0\u00bbmy-col-2&Prime;][vc_column_text css=\u00a0\u00bb\u00a0\u00bb el_class=\u00a0\u00bbtitle\u00a0\u00bb]<span class=\"f1 c3\">Engag\u00e9s<\/span><br \/>\n<span class=\"f1 c4\">pour la nature<\/span>[\/vc_column_text][vc_column_text css=\u00a0\u00bb\u00a0\u00bb el_class=\u00a0\u00bbtext\u00a0\u00bb]<span class=\"f2\">L&rsquo;agriculture biologique est bien plus qu&rsquo;une certification : elle refl\u00e8te notre responsabilit\u00e9 de gardiens de ce domaine. Chacune des d\u00e9cisions du Chef de Culture Laurent Brunet s&rsquo;inscrit dans une vision de long terme : pr\u00e9server des sols vivants, favoriser la biodiversit\u00e9 et transmettre un vignoble ainsi que des paysages naturels en pleine sant\u00e9 aux g\u00e9n\u00e9rations futures.<\/span><\/p>\n<p><span class=\"f2\">Au-del\u00e0 de notre vignoble, nous pr\u00e9servons plus de 300 hectares de for\u00eats et de garrigue m\u00e9diterran\u00e9enne. Le p\u00e2turage, les engrais verts et la protection des habitats naturels contribuent \u00e0 maintenir un \u00e9cosyst\u00e8me vivant o\u00f9 une faune remarquable \u2014 notamment l&rsquo;aigle de Bonelli, esp\u00e8ce menac\u00e9e \u2014 peut s&rsquo;\u00e9panouir.<\/span>[\/vc_column_text][\/vc_column][vc_column width=\u00a0\u00bb1\/2&Prime; el_class=\u00a0\u00bbmy-col-1&Prime;][vc_row_inner equal_height=\u00a0\u00bbyes\u00a0\u00bb][vc_column_inner el_class=\u00a0\u00bbmy-sub-col-2&Prime; width=\u00a0\u00bb1\/2&Prime;][vc_single_image image=\u00a0\u00bb1276&Prime; img_size=\u00a0\u00bbfull\u00a0\u00bb css=\u00a0\u00bb.vc_custom_1787811633477{margin-bottom: 20px !important;}\u00a0\u00bb][vc_single_image image=\u00a0\u00bb1228&Prime; img_size=\u00a0\u00bbfull\u00a0\u00bb css=\u00a0\u00bb\u00a0\u00bb][\/vc_column_inner][vc_column_inner el_class=\u00a0\u00bbmy-sub-col-1&Prime; width=\u00a0\u00bb1\/2&Prime;][vc_single_image image=\u00a0\u00bb1278&Prime; img_size=\u00a0\u00bbfull\u00a0\u00bb css=\u00a0\u00bb\u00a0\u00bb][\/vc_column_inner][\/vc_row_inner][\/vc_column][\/vc_row][\/vc_section][vc_section full_width=\u00a0\u00bbstretch_row\u00a0\u00bb el_class=\u00a0\u00bbblock-8 c2-bg\u00a0\u00bb][vc_row equal_height=\u00a0\u00bbyes\u00a0\u00bb content_placement=\u00a0\u00bbmiddle\u00a0\u00bb][vc_column width=\u00a0\u00bb1\/2&Prime;][vc_column_text el_class=\u00a0\u00bbsection-title\u00a0\u00bb]<\/p>\n<p style=\"text-align: left;\"><span class=\"f1 c3\">abonnez-vous \u00e0 la<\/span><br \/>\n<span class=\"f1 c4\">newsletter<\/span><\/p>\n<p>[\/vc_column_text][\/vc_column][vc_column width=\u00a0\u00bb1\/2&Prime;][vc_column_text el_class=\u00a0\u00bbform-desc\u00a0\u00bb]<span class=\"f2\">Recevez en avant-premi\u00e8re toute notre actualit\u00e9 ainsi que des offres exceptionnelles toute l\u2019ann\u00e9e.<\/span>[\/vc_column_text]\n<div class=\"wpcf7 no-js\" id=\"wpcf7-f135-o1\" lang=\"en-US\" dir=\"ltr\" data-wpcf7-id=\"135\">\n<div class=\"screen-reader-response\"><p role=\"status\" aria-live=\"polite\" aria-atomic=\"true\"><\/p> <ul><\/ul><\/div>\n<form action=\"\/fr\/wp-json\/wp\/v2\/pages\/198#wpcf7-f135-o1\" method=\"post\" class=\"wpcf7-form init\" aria-label=\"Contact form\" novalidate=\"novalidate\" data-status=\"init\">\n<fieldset class=\"hidden-fields-container\"><input type=\"hidden\" name=\"_wpcf7\" value=\"135\" \/><input type=\"hidden\" name=\"_wpcf7_version\" value=\"6.1.7\" \/><input type=\"hidden\" name=\"_wpcf7_locale\" value=\"en_US\" \/><input type=\"hidden\" name=\"_wpcf7_unit_tag\" value=\"wpcf7-f135-o1\" \/><input type=\"hidden\" name=\"_wpcf7_container_post\" value=\"0\" \/><input type=\"hidden\" name=\"_wpcf7_posted_data_hash\" value=\"\" \/><input type=\"hidden\" name=\"_wpcf7_recaptcha_response\" value=\"\" \/>\n<\/fieldset>\n<span class=\"wpcf7-form-control-wrap\" data-name=\"your-email\"><input size=\"40\" maxlength=\"400\" class=\"wpcf7-form-control wpcf7-email wpcf7-validates-as-required wpcf7-text wpcf7-validates-as-email\" autocomplete=\"email\" aria-required=\"true\" aria-invalid=\"false\" placeholder=\"Email\" value=\"\" type=\"email\" name=\"your-email\" \/><\/span>\n<div class=\"btn-icon c4\">\n<button type=\"submit\"><\/button>\n<\/div><div class=\"wpcf7-response-output\" aria-hidden=\"true\"><\/div>\n<\/form>\n<\/div>\n[\/vc_column][\/vc_row][\/vc_section]<\/p>\n<\/div>","protected":false},"excerpt":{"rendered":"<p>[vc_section full_width=\u00a0\u00bbstretch_row\u00a0\u00bb el_class=\u00a0\u00bbblock-22 c1-bg\u00a0\u00bb][vc_row full_width=\u00a0\u00bbstretch_row\u00a0\u00bb content_placement=\u00a0\u00bbbottom\u00a0\u00bb css=\u00a0\u00bb.vc_custom_1787808206950{background-image: url(https:\/\/chateaudecalavon.com\/wp-content\/uploads\/sites\/6\/2026\/08\/cave-av-badonviller&#8211;scaled.jpg?id=1239) !important;}\u00a0\u00bb el_class=\u00a0\u00bbheading-row heading-row-bottom\u00a0\u00bb][vc_column][vc_column_text el_class=\u00a0\u00bbbreadcrumbs\u00a0\u00bb][\/vc_column_text][vc_column_text el_class=\u00a0\u00bbsection-title\u00a0\u00bb]LE DOMAINE[\/vc_column_text][\/vc_column][\/vc_row][vc_row disable_element=\u00a0\u00bbyes\u00a0\u00bb el_class=\u00a0\u00bbscroll-row\u00a0\u00bb][vc_column][vc_column_text el_class=\u00a0\u00bbscroll-text\u00a0\u00bb] D\u00e9couvrez nos vins bio [\/vc_column_text][\/vc_column][\/vc_row][vc_row el_class=\u00a0\u00bbscroll-row\u00a0\u00bb][vc_column][vc_column_text css=\u00a0\u00bb\u00a0\u00bb] D\u00e9couvrez nos vins bio -&gt; [\/vc_column_text][\/vc_column][\/vc_row][\/vc_section][vc_section full_width=\u00a0\u00bbstretch_row\u00a0\u00bb el_class=\u00a0\u00bbblock-9-v2-small-img c1-bg\u00a0\u00bb][vc_row equal_height=\u00a0\u00bbyes\u00a0\u00bb content_placement=\u00a0\u00bbmiddle\u00a0\u00bb][vc_column width=\u00a0\u00bb1\/2&Prime; el_class=\u00a0\u00bbtext-col\u00a0\u00bb][vc_column_text el_class=\u00a0\u00bbtitle\u00a0\u00bb]L\u2019histoire[\/vc_column_text][vc_column_text css=\u00a0\u00bb\u00a0\u00bb el_class=\u00a0\u00bbtext\u00a0\u00bb]Depuis cinq g\u00e9n\u00e9rations, Famille Audibert cultive les vignes du Ch\u00e2teau de Calavon avec la m\u00eame conviction [&hellip;]<\/p>\n","protected":false},"author":1,"featured_media":0,"parent":0,"menu_order":0,"comment_status":"closed","ping_status":"closed","template":"","meta":{"_acf_changed":false,"footnotes":""},"class_list":["post-198","page","type-page","status-publish","hentry"],"acf":[],"yoast_head":"<!-- This site is optimized with the Yoast SEO plugin v28.4 - https:\/\/yoast.com\/product\/yoast-seo-wordpress\/ -->\n<title>Le domaine - chateaudecalavon<\/title>\n<meta name=\"robots\" content=\"index, follow, max-snippet:-1, max-image-preview:large, max-video-preview:-1\" \/>\n<link rel=\"canonical\" href=\"https:\/\/chateaudecalavon.com\/fr\/le-domaine\/\" \/>\n<meta property=\"og:locale\" content=\"fr_FR\" \/>\n<meta property=\"og:type\" content=\"article\" \/>\n<meta property=\"og:title\" content=\"Le domaine - chateaudecalavon\" \/>\n<meta property=\"og:description\" content=\"[vc_section full_width=\u00a0\u00bbstretch_row\u00a0\u00bb el_class=\u00a0\u00bbblock-22 c1-bg\u00a0\u00bb][vc_row full_width=\u00a0\u00bbstretch_row\u00a0\u00bb content_placement=\u00a0\u00bbbottom\u00a0\u00bb css=\u00a0\u00bb.vc_custom_1787808206950{background-image: url(https:\/\/chateaudecalavon.com\/wp-content\/uploads\/sites\/6\/2026\/08\/cave-av-badonviller&#8211;scaled.jpg?id=1239) !important;}\u00a0\u00bb el_class=\u00a0\u00bbheading-row heading-row-bottom\u00a0\u00bb][vc_column][vc_column_text el_class=\u00a0\u00bbbreadcrumbs\u00a0\u00bb][\/vc_column_text][vc_column_text el_class=\u00a0\u00bbsection-title\u00a0\u00bb]LE DOMAINE[\/vc_column_text][\/vc_column][\/vc_row][vc_row disable_element=\u00a0\u00bbyes\u00a0\u00bb el_class=\u00a0\u00bbscroll-row\u00a0\u00bb][vc_column][vc_column_text el_class=\u00a0\u00bbscroll-text\u00a0\u00bb] D\u00e9couvrez nos vins bio [\/vc_column_text][\/vc_column][\/vc_row][vc_row el_class=\u00a0\u00bbscroll-row\u00a0\u00bb][vc_column][vc_column_text css=\u00a0\u00bb\u00a0\u00bb] D\u00e9couvrez nos vins bio -&gt; [\/vc_column_text][\/vc_column][\/vc_row][\/vc_section][vc_section full_width=\u00a0\u00bbstretch_row\u00a0\u00bb el_class=\u00a0\u00bbblock-9-v2-small-img c1-bg\u00a0\u00bb][vc_row equal_height=\u00a0\u00bbyes\u00a0\u00bb content_placement=\u00a0\u00bbmiddle\u00a0\u00bb][vc_column width=\u00a0\u00bb1\/2&Prime; el_class=\u00a0\u00bbtext-col\u00a0\u00bb][vc_column_text el_class=\u00a0\u00bbtitle\u00a0\u00bb]L\u2019histoire[\/vc_column_text][vc_column_text css=\u00a0\u00bb\u00a0\u00bb el_class=\u00a0\u00bbtext\u00a0\u00bb]Depuis cinq g\u00e9n\u00e9rations, Famille Audibert cultive les vignes du Ch\u00e2teau de Calavon avec la m\u00eame conviction [&hellip;]\" \/>\n<meta property=\"og:url\" content=\"https:\/\/chateaudecalavon.com\/fr\/le-domaine\/\" \/>\n<meta property=\"og:site_name\" content=\"chateaudecalavon\" \/>\n<meta property=\"article:modified_time\" content=\"2026-08-27T06:20:35+00:00\" \/>\n<meta name=\"twitter:card\" content=\"summary_large_image\" \/>\n<meta name=\"twitter:label1\" content=\"Dur\u00e9e de lecture estim\u00e9e\" \/>\n\t<meta name=\"twitter:data1\" content=\"4 minutes\" \/>\n<script type=\"application\/ld+json\" class=\"yoast-schema-graph\">{\"@context\":\"https:\\\/\\\/schema.org\",\"@graph\":[{\"@type\":\"WebPage\",\"@id\":\"https:\\\/\\\/chateaudecalavon.com\\\/fr\\\/le-domaine\\\/\",\"url\":\"https:\\\/\\\/chateaudecalavon.com\\\/fr\\\/le-domaine\\\/\",\"name\":\"Le domaine - chateaudecalavon\",\"isPartOf\":{\"@id\":\"https:\\\/\\\/chateaudecalavon.com\\\/fr\\\/#website\"},\"datePublished\":\"2023-10-10T06:49:40+00:00\",\"dateModified\":\"2026-08-27T06:20:35+00:00\",\"breadcrumb\":{\"@id\":\"https:\\\/\\\/chateaudecalavon.com\\\/fr\\\/le-domaine\\\/#breadcrumb\"},\"inLanguage\":\"fr-FR\",\"potentialAction\":[{\"@type\":\"ReadAction\",\"target\":[\"https:\\\/\\\/chateaudecalavon.com\\\/fr\\\/le-domaine\\\/\"]}]},{\"@type\":\"BreadcrumbList\",\"@id\":\"https:\\\/\\\/chateaudecalavon.com\\\/fr\\\/le-domaine\\\/#breadcrumb\",\"itemListElement\":[{\"@type\":\"ListItem\",\"position\":1,\"name\":\"Home\",\"item\":\"https:\\\/\\\/chateaudecalavon.com\\\/fr\\\/\"},{\"@type\":\"ListItem\",\"position\":2,\"name\":\"Le domaine\"}]},{\"@type\":\"WebSite\",\"@id\":\"https:\\\/\\\/chateaudecalavon.com\\\/fr\\\/#website\",\"url\":\"https:\\\/\\\/chateaudecalavon.com\\\/fr\\\/\",\"name\":\"chateaudecalavon\",\"description\":\"\",\"potentialAction\":[{\"@type\":\"SearchAction\",\"target\":{\"@type\":\"EntryPoint\",\"urlTemplate\":\"https:\\\/\\\/chateaudecalavon.com\\\/fr\\\/?s={search_term_string}\"},\"query-input\":{\"@type\":\"PropertyValueSpecification\",\"valueRequired\":true,\"valueName\":\"search_term_string\"}}],\"inLanguage\":\"fr-FR\"}]}<\/script>\n<!-- \/ Yoast SEO plugin. -->","yoast_head_json":{"title":"Le domaine - chateaudecalavon","robots":{"index":"index","follow":"follow","max-snippet":"max-snippet:-1","max-image-preview":"max-image-preview:large","max-video-preview":"max-video-preview:-1"},"canonical":"https:\/\/chateaudecalavon.com\/fr\/le-domaine\/","og_locale":"fr_FR","og_type":"article","og_title":"Le domaine - chateaudecalavon","og_description":"[vc_section full_width=\u00a0\u00bbstretch_row\u00a0\u00bb el_class=\u00a0\u00bbblock-22 c1-bg\u00a0\u00bb][vc_row full_width=\u00a0\u00bbstretch_row\u00a0\u00bb content_placement=\u00a0\u00bbbottom\u00a0\u00bb css=\u00a0\u00bb.vc_custom_1787808206950{background-image: url(https:\/\/chateaudecalavon.com\/wp-content\/uploads\/sites\/6\/2026\/08\/cave-av-badonviller&#8211;scaled.jpg?id=1239) !important;}\u00a0\u00bb el_class=\u00a0\u00bbheading-row heading-row-bottom\u00a0\u00bb][vc_column][vc_column_text el_class=\u00a0\u00bbbreadcrumbs\u00a0\u00bb][\/vc_column_text][vc_column_text el_class=\u00a0\u00bbsection-title\u00a0\u00bb]LE DOMAINE[\/vc_column_text][\/vc_column][\/vc_row][vc_row disable_element=\u00a0\u00bbyes\u00a0\u00bb el_class=\u00a0\u00bbscroll-row\u00a0\u00bb][vc_column][vc_column_text el_class=\u00a0\u00bbscroll-text\u00a0\u00bb] D\u00e9couvrez nos vins bio [\/vc_column_text][\/vc_column][\/vc_row][vc_row el_class=\u00a0\u00bbscroll-row\u00a0\u00bb][vc_column][vc_column_text css=\u00a0\u00bb\u00a0\u00bb] D\u00e9couvrez nos vins bio -&gt; [\/vc_column_text][\/vc_column][\/vc_row][\/vc_section][vc_section full_width=\u00a0\u00bbstretch_row\u00a0\u00bb el_class=\u00a0\u00bbblock-9-v2-small-img c1-bg\u00a0\u00bb][vc_row equal_height=\u00a0\u00bbyes\u00a0\u00bb content_placement=\u00a0\u00bbmiddle\u00a0\u00bb][vc_column width=\u00a0\u00bb1\/2&Prime; el_class=\u00a0\u00bbtext-col\u00a0\u00bb][vc_column_text el_class=\u00a0\u00bbtitle\u00a0\u00bb]L\u2019histoire[\/vc_column_text][vc_column_text css=\u00a0\u00bb\u00a0\u00bb el_class=\u00a0\u00bbtext\u00a0\u00bb]Depuis cinq g\u00e9n\u00e9rations, Famille Audibert cultive les vignes du Ch\u00e2teau de Calavon avec la m\u00eame conviction [&hellip;]","og_url":"https:\/\/chateaudecalavon.com\/fr\/le-domaine\/","og_site_name":"chateaudecalavon","article_modified_time":"2026-08-27T06:20:35+00:00","twitter_card":"summary_large_image","twitter_misc":{"Dur\u00e9e de lecture estim\u00e9e":"4 minutes"},"schema":{"@context":"https:\/\/schema.org","@graph":[{"@type":"WebPage","@id":"https:\/\/chateaudecalavon.com\/fr\/le-domaine\/","url":"https:\/\/chateaudecalavon.com\/fr\/le-domaine\/","name":"Le domaine - chateaudecalavon","isPartOf":{"@id":"https:\/\/chateaudecalavon.com\/fr\/#website"},"datePublished":"2023-10-10T06:49:40+00:00","dateModified":"2026-08-27T06:20:35+00:00","breadcrumb":{"@id":"https:\/\/chateaudecalavon.com\/fr\/le-domaine\/#breadcrumb"},"inLanguage":"fr-FR","potentialAction":[{"@type":"ReadAction","target":["https:\/\/chateaudecalavon.com\/fr\/le-domaine\/"]}]},{"@type":"BreadcrumbList","@id":"https:\/\/chateaudecalavon.com\/fr\/le-domaine\/#breadcrumb","itemListElement":[{"@type":"ListItem","position":1,"name":"Home","item":"https:\/\/chateaudecalavon.com\/fr\/"},{"@type":"ListItem","position":2,"name":"Le domaine"}]},{"@type":"WebSite","@id":"https:\/\/chateaudecalavon.com\/fr\/#website","url":"https:\/\/chateaudecalavon.com\/fr\/","name":"chateaudecalavon","description":"","potentialAction":[{"@type":"SearchAction","target":{"@type":"EntryPoint","urlTemplate":"https:\/\/chateaudecalavon.com\/fr\/?s={search_term_string}"},"query-input":{"@type":"PropertyValueSpecification","valueRequired":true,"valueName":"search_term_string"}}],"inLanguage":"fr-FR"}]}},"_links":{"self":[{"href":"https:\/\/chateaudecalavon.com\/fr\/wp-json\/wp\/v2\/pages\/198","targetHints":{"allow":["GET"]}}],"collection":[{"href":"https:\/\/chateaudecalavon.com\/fr\/wp-json\/wp\/v2\/pages"}],"about":[{"href":"https:\/\/chateaudecalavon.com\/fr\/wp-json\/wp\/v2\/types\/page"}],"author":[{"embeddable":true,"href":"https:\/\/chateaudecalavon.com\/fr\/wp-json\/wp\/v2\/users\/1"}],"replies":[{"embeddable":true,"href":"https:\/\/chateaudecalavon.com\/fr\/wp-json\/wp\/v2\/comments?post=198"}],"version-history":[{"count":42,"href":"https:\/\/chateaudecalavon.com\/fr\/wp-json\/wp\/v2\/pages\/198\/revisions"}],"predecessor-version":[{"id":1291,"href":"https:\/\/chateaudecalavon.com\/fr\/wp-json\/wp\/v2\/pages\/198\/revisions\/1291"}],"wp:attachment":[{"href":"https:\/\/chateaudecalavon.com\/fr\/wp-json\/wp\/v2\/media?parent=198"}],"curies":[{"name":"wp","href":"https:\/\/api.w.org\/{rel}","templated":true}]}}